{"id":708,"date":"2025-12-11T09:03:40","date_gmt":"2025-12-11T09:03:40","guid":{"rendered":"https:\/\/escenalanzarote.com\/evento\/de-jarana\/"},"modified":"2026-01-26T12:55:30","modified_gmt":"2026-01-26T12:55:30","slug":"de-jarana","status":"publish","type":"portfolio_page","link":"https:\/\/escenalanzarote.com\/en\/evento\/de-jarana\/","title":{"rendered":"DE JARANA"},"content":{"rendered":"<div class=\"wpb-content-wrapper\"><p>[vc_row css_animation=&#8221;&#8221; row_type=&#8221;row&#8221; use_row_as_full_screen_section=&#8221;no&#8221; type=&#8221;full_width&#8221; angled_section=&#8221;no&#8221; text_align=&#8221;left&#8221; background_image_as_pattern=&#8221;without_pattern&#8221;][vc_column width=&#8221;1\/12&#8243;][\/vc_column][vc_column width=&#8221;10\/12&#8243;][vc_row_inner row_type=&#8221;row&#8221; type=&#8221;full_width&#8221; text_align=&#8221;left&#8221; css_animation=&#8221;&#8221;][vc_column_inner width=&#8221;1\/4&#8243; css=&#8221;.vc_custom_1663156353704{border-right-width: 1px !important;padding-top: 30px !important;padding-bottom: 30px !important;border-right-color: #101820 !important;border-right-style: solid !important;}&#8221;][vc_column_text css=&#8221;&#8221;]<img loading=\"lazy\" decoding=\"async\" class=\"alignnone wp-image-617 size-medium\" title=\"Escena Lanzarote\" src=\"https:\/\/escenalanzarote.com\/wp-content\/uploads\/2025\/11\/EscenaLanzarote-2025-2026-logo-300x188.png\" alt=\"\" width=\"300\" height=\"188\" srcset=\"https:\/\/escenalanzarote.com\/wp-content\/uploads\/2025\/11\/EscenaLanzarote-2025-2026-logo-300x188.png 300w, https:\/\/escenalanzarote.com\/wp-content\/uploads\/2025\/11\/EscenaLanzarote-2025-2026-logo-768x481.png 768w, https:\/\/escenalanzarote.com\/wp-content\/uploads\/2025\/11\/EscenaLanzarote-2025-2026-logo-700x439.png 700w, https:\/\/escenalanzarote.com\/wp-content\/uploads\/2025\/11\/EscenaLanzarote-2025-2026-logo.png 905w\" sizes=\"auto, (max-width: 300px) 100vw, 300px\" \/>[\/vc_column_text][\/vc_column_inner][vc_column_inner width=&#8221;3\/4&#8243; css=&#8221;.vc_custom_1663156834708{padding-left: 50px !important;}&#8221;][vc_empty_space height=&#8221;200px&#8221; el_class=&#8221;espaciado-banner-movil&#8221;][vc_column_text css=&#8221;&#8221;]<\/p>\n<h1><b>DE JARANA<\/b><\/h1>\n<p>[\/vc_column_text][\/vc_column_inner][\/vc_row_inner][vc_empty_space height=&#8221;100px&#8221; el_class=&#8221;.space-mobile&#8221;][\/vc_column][vc_column width=&#8221;1\/12&#8243;][\/vc_column][\/vc_row][vc_row css_animation=&#8221;&#8221; row_type=&#8221;row&#8221; use_row_as_full_screen_section=&#8221;no&#8221; type=&#8221;full_width&#8221; angled_section=&#8221;no&#8221; text_align=&#8221;left&#8221; background_image_as_pattern=&#8221;without_pattern&#8221;][vc_column width=&#8221;1\/12&#8243;][\/vc_column][vc_column width=&#8221;10\/12&#8243;][vc_row_inner row_type=&#8221;row&#8221; type=&#8221;full_width&#8221; text_align=&#8221;left&#8221; css_animation=&#8221;&#8221;][vc_column_inner width=&#8221;2\/3&#8243;][vc_single_image image=&#8221;709&#8243; img_size=&#8221;full&#8221; css=&#8221;&#8221; qode_css_animation=&#8221;&#8221;][\/vc_column_inner][vc_column_inner width=&#8221;1\/3&#8243;][vc_empty_space height=&#8221;0px&#8221; el_class=&#8221;.space-mobile-2&#8243;][vc_column_text css=&#8221;&#8221;]<\/p>\n<h3><u>BENITO CABRERA, JEP MEL\u00c9NDEZ &amp; TOM\u00c1S FARI\u00d1A<\/u><\/h3>\n<p>JAMEOS DEL AGUA AUDITORIUM[\/vc_column_text][vc_empty_space css=&#8221;.vc_custom_1663164117955{border-bottom-width: 1px !important;border-bottom-color: #101820 !important;border-bottom-style: solid !important;}&#8221;][vc_column_text css=&#8221;.vc_custom_1762419291836{margin-bottom: -10px !important;}&#8221;]<img loading=\"lazy\" decoding=\"async\" class=\"wp-image-133 alignleft\" src=\"https:\/\/escenalanzarote.com\/wp-content\/uploads\/2022\/09\/dia.svg\" alt=\"\" width=\"28\" height=\"23\" \/>March 7 \/ 8:00 pm[\/vc_column_text][vc_column_text css=&#8221;.vc_custom_1727173985806{margin-bottom: -10px !important;}&#8221;]<img decoding=\"async\" class=\"wp-image-137 alignleft\" src=\"https:\/\/escenalanzarote.com\/wp-content\/uploads\/2022\/09\/tiempo-2.svg\" alt=\"\" width=\"28\" \/>60 minutes[\/vc_column_text][vc_column_text css=&#8221;.vc_custom_1762417023767{margin-bottom: 20px !important;}&#8221;]<img decoding=\"async\" class=\"wp-image-136 alignleft\" src=\"https:\/\/escenalanzarote.com\/wp-content\/uploads\/2022\/09\/publico-2.svg\" alt=\"\" width=\"28\" \/>All audiences[\/vc_column_text][vc_empty_space height=&#8221;50px&#8221; css=&#8221;.vc_custom_1663164244317{border-top-width: 1px !important;border-top-color: #101820 !important;border-top-style: solid !important;}&#8221;]\n\n\t<a href=\"https:\/\/cactlanzarote.com\/en\/tickets\/de-jarana-escena-lanzarote\/\" target=\"_blank\" style=\"color: #101820;background-color: #eed484;font-size: 20px\" class=\"qode-btn qode-btn-medium qode-btn-solid qode-btn-custom-hover-bg qode-btn-custom-hover-color .boton-entrada qode-btn-default-hover\" data-hover-bg-color=\"#101820\" data-hover-color=\"#eed484\" >\n\t    <span class=\"qode-btn-text\">BUY TICKETS<\/span>\t<\/a>\n\n[\/vc_column_inner][\/vc_row_inner][\/vc_column][vc_column width=&#8221;1\/12&#8243;][\/vc_column][\/vc_row][vc_row css_animation=&#8221;&#8221; row_type=&#8221;row&#8221; use_row_as_full_screen_section=&#8221;no&#8221; type=&#8221;full_width&#8221; angled_section=&#8221;no&#8221; text_align=&#8221;left&#8221; background_image_as_pattern=&#8221;without_pattern&#8221;][vc_column width=&#8221;1\/12&#8243;][\/vc_column][vc_column width=&#8221;10\/12&#8243;][vc_empty_space height=&#8221;50px&#8221;][vc_row_inner row_type=&#8221;row&#8221; type=&#8221;full_width&#8221; text_align=&#8221;left&#8221; css_animation=&#8221;&#8221;][vc_column_inner width=&#8221;2\/3&#8243;][vc_column_text css=&#8221;.vc_custom_1763562157426{border-right-width: 1px !important;padding-right: 30px !important;border-right-style: solid !important;border-color: #101820 !important;}&#8221;]In the Canary Islands, jarana means celebration or festivity. The term, of uncertain origin, appears to derive from a Quechua word that in Peru retains the meaning of joy, mirth, or delight.<\/p>\n<p>Dancer Jep Mel\u00e9ndez and musicians Benito Cabrera and Tom\u00e1s Fari\u00f1a revisit the stage concept of their show A pies y manos to present a new work inspired by Canarian festivities.<\/p>\n<p>This creation delves into the ritual essence of celebration and the intercultural connections that such expressions contain. The performance is not a recreation of the island\u2019s festive calendar but a journey through the emotions that celebrations evoke: the chase after devils, the pleasure of dancing, the colorful flags adorning village squares, and even the melancholy of remembering those who are no longer with us.<\/p>\n<p>From pre-Hispanic references evoking aboriginal rites like the Be\u00f1esmen to cultural ties with Galicia, the Philippines, or Peru, De jarana is a show of body percussion, tap, and music.<\/p>\n<p>Its proposal transports the audience on an emotional journey rooted in Canarian tradition yet open to contemporary and universal artistic languages.[\/vc_column_text][vc_empty_space height=&#8221;50px&#8221;][vc_column_text css=&#8221;.vc_custom_1767948691569{border-right-width: 1px !important;padding-right: 30px !important;border-right-style: solid !important;border-color: #101820 !important;}&#8221;]<\/p>\n<hr \/>\n<p>&nbsp;<\/p>\n<p><strong>Benito Cabrera<\/strong>, timplista, folklorist and cultural manager, has developed an extensive international career combining performance, the dissemination of intangible heritage, and the direction of cultural projects. He has performed as a soloist in more than twenty countries \u2014on stages such as Carnegie Hall in New York and the Konzerthaus in Berlin\u2014 and has led initiatives from institutions such as the Casa-Museo del Timple in Lanzarote. He was musical director of Los Sabande\u00f1os (2007\u20132020) and is the author of the opera &#8220;Chaxiraxi&#8221; (2024), among other works.<\/p>\n<p><strong>Jep Mel\u00e9ndez<\/strong>, dancer, choreographer and body percussionist, has been part of companies such as Camut Band and Mayumana, and is the artistic director of Cambuyon, a show with which he has toured internationally. Trained in Barcelona and New York, he specializes in tap, sand dance and body percussion, and has performed at festivals around the world. He has created choreographies for major events and stage productions, integrating dance, rhythm and theatricality.<\/p>\n<p><strong>Tom\u00e1s Fari\u00f1a<\/strong>, classical guitarist and cultural manager, holds a degree from the Conservatorio Superior de M\u00fasica de Canarias and has performed concerts in Europe and the Americas. He has recorded albums such as Cafe, 21 and Magm\u00e1tico, and maintains a long-standing duo with Benito Cabrera. He combines teaching with the direction of projects such as the Escuela Taller de M\u00fasica Popular de Arafo and the cycle of educational micro-concerts at the Casa-Museo Secundino Delgado, consolidating a body of musical creation and dissemination deeply rooted in the islands and with international projection.[\/vc_column_text][\/vc_column_inner][vc_column_inner width=&#8221;1\/3&#8243;][vc_column_text css=&#8221;&#8221;]<span style=\"text-decoration: underline;\"><strong>CREDITS<\/strong><\/span><\/p>\n<p><b>Timple<\/b><span style=\"font-weight: 400;\">: Benito Cabrera<\/span><\/p>\n<p><b>Guitar:<\/b><span style=\"font-weight: 400;\"> Tom\u00e1s Fari\u00f1a<\/span><\/p>\n<p><b>Choreography and performer:<\/b> <span style=\"font-weight: 400;\">Jep Mel\u00e9ndez<\/span><\/p>\n<p><b>Artistic collaboration:<\/b><span style=\"font-weight: 400;\"> Los Campesinos and Diabletes de Teguise<\/span><\/p>\n<p><span style=\"text-decoration: underline;\"><span style=\"color: #000000;\"><a style=\"color: #000000; text-decoration: underline;\" href=\"https:\/\/www.instagram.com\/benito__cabrera\/\">@benito__cabrera<\/a><\/span><\/span>[\/vc_column_text][\/vc_column_inner][\/vc_row_inner][\/vc_column][vc_column width=&#8221;1\/12&#8243;][\/vc_column][\/vc_row][vc_row css_animation=&#8221;&#8221; row_type=&#8221;row&#8221; use_row_as_full_screen_section=&#8221;no&#8221; type=&#8221;full_width&#8221; angled_section=&#8221;no&#8221; text_align=&#8221;left&#8221; background_image_as_pattern=&#8221;without_pattern&#8221;][vc_column width=&#8221;1\/12&#8243;][\/vc_column][vc_column width=&#8221;10\/12&#8243;][vc_empty_space height=&#8221;100px&#8221; el_class=&#8221;.space-mobile&#8221;][vc_column_text css=&#8221;.vc_custom_1762419831139{border-right-width: 1px !important;padding-right: 30px !important;border-right-style: solid !important;border-color: #101820 !important;}&#8221;]<\/p>\n<h3>Other shows<\/h3>\n<p>[\/vc_column_text][vc_empty_space]<div class='projects_holder_outer v3 portfolio_with_space portfolio_with_hover_text'>\n        <div class='projects_holder portfolio_main_holder clearfix v3  hover_text portfolio_full_image '>\n        \n        <article class='mix portfolio_category_33 portfolio_category_34 default' style=''>\n    \n    \n    \n                <div class='image_holder'>\n                <a itemprop='url' class='portfolio_link_for_touch' href='https:\/\/escenalanzarote.com\/en\/evento\/hidden\/' target='_self'>\n                    \n<span class='image'><img loading=\"lazy\" decoding=\"async\" width=\"1920\" height=\"1280\" src=\"https:\/\/escenalanzarote.com\/wp-content\/uploads\/2025\/11\/Lali_Ayguade_-Company_-HIDDEN.jpg\" class=\"attachment-full size-full wp-post-image\" alt=\"\" srcset=\"https:\/\/escenalanzarote.com\/wp-content\/uploads\/2025\/11\/Lali_Ayguade_-Company_-HIDDEN.jpg 1920w, https:\/\/escenalanzarote.com\/wp-content\/uploads\/2025\/11\/Lali_Ayguade_-Company_-HIDDEN-300x200.jpg 300w, https:\/\/escenalanzarote.com\/wp-content\/uploads\/2025\/11\/Lali_Ayguade_-Company_-HIDDEN-1024x683.jpg 1024w, https:\/\/escenalanzarote.com\/wp-content\/uploads\/2025\/11\/Lali_Ayguade_-Company_-HIDDEN-768x512.jpg 768w, https:\/\/escenalanzarote.com\/wp-content\/uploads\/2025\/11\/Lali_Ayguade_-Company_-HIDDEN-1536x1024.jpg 1536w, https:\/\/escenalanzarote.com\/wp-content\/uploads\/2025\/11\/Lali_Ayguade_-Company_-HIDDEN-700x467.jpg 700w\" sizes=\"auto, (max-width: 1920px) 100vw, 1920px\" \/><\/span>                <\/a>\n\n                <span class='text_holder'>\n    <span class='text_outer'>\n        <span class='text_inner'>\n            <div class=\"hover_feature_holder_title\">\n                <div class=\"hover_feature_holder_title_inner\">\n                    \n                        \n    <h3 itemprop=\"name\" class=\"portfolio_title entry_title\"><a itemprop=\"url\" href=\"https:\/\/escenalanzarote.com\/en\/evento\/hidden\/\"  target=\"_self\"> HIDDEN<\/a><\/h3>\n\n\n                        \n                            <span class=\"project_category\"  >\n    2025 - 2026, Jameos del Agua    <\/span>\n\n                                    <\/div>\n            <\/div>\n\n            \n            <span class='feature_holder'>\n                <span class=\"feature_holder_icons\">\n\n                    \n                            <a itemprop='url' class='preview qbutton small white' href='https:\/\/escenalanzarote.com\/en\/evento\/hidden\/' target='_self'>Ver<\/i><\/a>\n    \n                                    <\/span>\n            <\/span>\n\n            \n        <\/span>\n    <\/span>\n<\/span>\n            <\/div>\n                    \n    \n<\/article>\n<article class='mix portfolio_category_33 portfolio_category_34 default' style=''>\n    \n    \n    \n                <div class='image_holder'>\n                <a itemprop='url' class='portfolio_link_for_touch' href='https:\/\/escenalanzarote.com\/en\/evento\/dique\/' target='_self'>\n                    \n<span class='image'><img loading=\"lazy\" decoding=\"async\" width=\"1920\" height=\"1280\" src=\"https:\/\/escenalanzarote.com\/wp-content\/uploads\/2025\/11\/Nova_Galega_de_Danza_Dique.jpg\" class=\"attachment-full size-full wp-post-image\" alt=\"\" srcset=\"https:\/\/escenalanzarote.com\/wp-content\/uploads\/2025\/11\/Nova_Galega_de_Danza_Dique.jpg 1920w, https:\/\/escenalanzarote.com\/wp-content\/uploads\/2025\/11\/Nova_Galega_de_Danza_Dique-300x200.jpg 300w, https:\/\/escenalanzarote.com\/wp-content\/uploads\/2025\/11\/Nova_Galega_de_Danza_Dique-1024x683.jpg 1024w, https:\/\/escenalanzarote.com\/wp-content\/uploads\/2025\/11\/Nova_Galega_de_Danza_Dique-768x512.jpg 768w, https:\/\/escenalanzarote.com\/wp-content\/uploads\/2025\/11\/Nova_Galega_de_Danza_Dique-1536x1024.jpg 1536w, https:\/\/escenalanzarote.com\/wp-content\/uploads\/2025\/11\/Nova_Galega_de_Danza_Dique-700x467.jpg 700w\" sizes=\"auto, (max-width: 1920px) 100vw, 1920px\" \/><\/span>                <\/a>\n\n                <span class='text_holder'>\n    <span class='text_outer'>\n        <span class='text_inner'>\n            <div class=\"hover_feature_holder_title\">\n                <div class=\"hover_feature_holder_title_inner\">\n                    \n                        \n    <h3 itemprop=\"name\" class=\"portfolio_title entry_title\"><a itemprop=\"url\" href=\"https:\/\/escenalanzarote.com\/en\/evento\/dique\/\"  target=\"_self\"> DIQUE<\/a><\/h3>\n\n\n                        \n                            <span class=\"project_category\"  >\n    2025 - 2026, Jameos del Agua    <\/span>\n\n                                    <\/div>\n            <\/div>\n\n            \n            <span class='feature_holder'>\n                <span class=\"feature_holder_icons\">\n\n                    \n                            <a itemprop='url' class='preview qbutton small white' href='https:\/\/escenalanzarote.com\/en\/evento\/dique\/' target='_self'>Ver<\/i><\/a>\n    \n                                    <\/span>\n            <\/span>\n\n            \n        <\/span>\n    <\/span>\n<\/span>\n            <\/div>\n                    \n    \n<\/article>\n<article class='mix portfolio_category_33 portfolio_category_34 default' style=''>\n    \n    \n    \n                <div class='image_holder'>\n                <a itemprop='url' class='portfolio_link_for_touch' href='https:\/\/escenalanzarote.com\/en\/evento\/martyrs\/' target='_self'>\n                    \n<span class='image'><img loading=\"lazy\" decoding=\"async\" width=\"1920\" height=\"1280\" src=\"https:\/\/escenalanzarote.com\/wp-content\/uploads\/2025\/11\/CIA_Mar_Gomez_Martyrs.jpg\" class=\"attachment-full size-full wp-post-image\" alt=\"\" srcset=\"https:\/\/escenalanzarote.com\/wp-content\/uploads\/2025\/11\/CIA_Mar_Gomez_Martyrs.jpg 1920w, https:\/\/escenalanzarote.com\/wp-content\/uploads\/2025\/11\/CIA_Mar_Gomez_Martyrs-300x200.jpg 300w, https:\/\/escenalanzarote.com\/wp-content\/uploads\/2025\/11\/CIA_Mar_Gomez_Martyrs-1024x683.jpg 1024w, https:\/\/escenalanzarote.com\/wp-content\/uploads\/2025\/11\/CIA_Mar_Gomez_Martyrs-768x512.jpg 768w, https:\/\/escenalanzarote.com\/wp-content\/uploads\/2025\/11\/CIA_Mar_Gomez_Martyrs-1536x1024.jpg 1536w, https:\/\/escenalanzarote.com\/wp-content\/uploads\/2025\/11\/CIA_Mar_Gomez_Martyrs-700x467.jpg 700w\" sizes=\"auto, (max-width: 1920px) 100vw, 1920px\" \/><\/span>                <\/a>\n\n                <span class='text_holder'>\n    <span class='text_outer'>\n        <span class='text_inner'>\n            <div class=\"hover_feature_holder_title\">\n                <div class=\"hover_feature_holder_title_inner\">\n                    \n                        \n    <h3 itemprop=\"name\" class=\"portfolio_title entry_title\"><a itemprop=\"url\" href=\"https:\/\/escenalanzarote.com\/en\/evento\/martyrs\/\"  target=\"_self\"> MARTYRS<\/a><\/h3>\n\n\n                        \n                            <span class=\"project_category\"  >\n    2025 - 2026, Jameos del Agua    <\/span>\n\n                                    <\/div>\n            <\/div>\n\n            \n            <span class='feature_holder'>\n                <span class=\"feature_holder_icons\">\n\n                    \n                            <a itemprop='url' class='preview qbutton small white' href='https:\/\/escenalanzarote.com\/en\/evento\/martyrs\/' target='_self'>Ver<\/i><\/a>\n    \n                                    <\/span>\n            <\/span>\n\n            \n        <\/span>\n    <\/span>\n<\/span>\n            <\/div>\n                    \n    \n<\/article>\n        <div class='filler'><\/div>\n            <div class='filler'><\/div>\n            <div class='filler'><\/div>\n        <\/div>\n\n    \n    <\/div>[vc_empty_space][\/vc_column][vc_column width=&#8221;1\/12&#8243;][\/vc_column][\/vc_row]<\/p>\n<\/div>","protected":false},"excerpt":{"rendered":"<p>[vc_row css_animation=&#8221;&#8221; row_type=&#8221;row&#8221; use_row_as_full_screen_section=&#8221;no&#8221; type=&#8221;full_width&#8221; angled_section=&#8221;no&#8221; text_align=&#8221;left&#8221; background_image_as_pattern=&#8221;without_pattern&#8221;][vc_column width=&#8221;1\/12&#8243;][\/vc_column][vc_column width=&#8221;10\/12&#8243;][vc_row_inner row_type=&#8221;row&#8221; type=&#8221;full_width&#8221; text_align=&#8221;left&#8221; css_animation=&#8221;&#8221;][vc_column_inner width=&#8221;1\/4&#8243; css=&#8221;.vc_custom_1663156353704{border-right-width: 1px !important;padding-top: 30px !important;padding-bottom: 30px !important;border-right-color: #101820 !important;border-right-style: solid !important;}&#8221;][vc_column_text css=&#8221;&#8221;][\/vc_column_text][\/vc_column_inner][vc_column_inner width=&#8221;3\/4&#8243; css=&#8221;.vc_custom_1663156834708{padding-left: 50px !important;}&#8221;][vc_empty_space height=&#8221;200px&#8221; el_class=&#8221;espaciado-banner-movil&#8221;][vc_column_text css=&#8221;&#8221;] DE JARANA [\/vc_column_text][\/vc_column_inner][\/vc_row_inner][vc_empty_space height=&#8221;100px&#8221; el_class=&#8221;.space-mobile&#8221;][\/vc_column][vc_column width=&#8221;1\/12&#8243;][\/vc_column][\/vc_row][vc_row css_animation=&#8221;&#8221; row_type=&#8221;row&#8221; use_row_as_full_screen_section=&#8221;no&#8221; type=&#8221;full_width&#8221; angled_section=&#8221;no&#8221;&#8230;<\/p>\n","protected":false},"author":8,"featured_media":709,"menu_order":7,"comment_status":"open","ping_status":"closed","template":"","portfolio_category":[33,34],"portfolio_tag":[],"class_list":["post-708","portfolio_page","type-portfolio_page","status-publish","has-post-thumbnail","hentry","portfolio_category-2025-2026","portfolio_category-jameos-del-agua"],"yoast_head":"<!-- This site is optimized with the Yoast SEO plugin v27.4 - https:\/\/yoast.com\/product\/yoast-seo-wordpress\/ -->\n<title>DE JARANA | Escena Lanzarote<\/title>\n<meta name=\"robots\" content=\"index, follow, max-snippet:-1, max-image-preview:large, max-video-preview:-1\" \/>\n<link rel=\"canonical\" href=\"https:\/\/escenalanzarote.com\/en\/evento\/de-jarana\/\" \/>\n<meta property=\"og:locale\" content=\"en_US\" \/>\n<meta property=\"og:type\" content=\"article\" \/>\n<meta property=\"og:title\" content=\"DE JARANA | Escena Lanzarote\" \/>\n<meta property=\"og:description\" content=\"[vc_row css_animation=&#8221;&#8221; row_type=&#8221;row&#8221; use_row_as_full_screen_section=&#8221;no&#8221; type=&#8221;full_width&#8221; angled_section=&#8221;no&#8221; text_align=&#8221;left&#8221; background_image_as_pattern=&#8221;without_pattern&#8221;][vc_column width=&#8221;1\/12&#8243;][\/vc_column][vc_column width=&#8221;10\/12&#8243;][vc_row_inner row_type=&#8221;row&#8221; type=&#8221;full_width&#8221; text_align=&#8221;left&#8221; css_animation=&#8221;&#8221;][vc_column_inner width=&#8221;1\/4&#8243; css=&#8221;.vc_custom_1663156353704{border-right-width: 1px !important;padding-top: 30px !important;padding-bottom: 30px !important;border-right-color: #101820 !important;border-right-style: solid !important;}&#8221;][vc_column_text css=&#8221;&#8221;][\/vc_column_text][\/vc_column_inner][vc_column_inner width=&#8221;3\/4&#8243; css=&#8221;.vc_custom_1663156834708{padding-left: 50px !important;}&#8221;][vc_empty_space height=&#8221;200px&#8221; el_class=&#8221;espaciado-banner-movil&#8221;][vc_column_text css=&#8221;&#8221;] DE JARANA [\/vc_column_text][\/vc_column_inner][\/vc_row_inner][vc_empty_space height=&#8221;100px&#8221; el_class=&#8221;.space-mobile&#8221;][\/vc_column][vc_column width=&#8221;1\/12&#8243;][\/vc_column][\/vc_row][vc_row css_animation=&#8221;&#8221; row_type=&#8221;row&#8221; use_row_as_full_screen_section=&#8221;no&#8221; type=&#8221;full_width&#8221; angled_section=&#8221;no&#8221;...\" \/>\n<meta property=\"og:url\" content=\"https:\/\/escenalanzarote.com\/en\/evento\/de-jarana\/\" \/>\n<meta property=\"og:site_name\" content=\"Escena Lanzarote\" \/>\n<meta property=\"article:modified_time\" content=\"2026-01-26T12:55:30+00:00\" \/>\n<meta property=\"og:image\" content=\"https:\/\/escenalanzarote.com\/wp-content\/uploads\/2025\/11\/Benito_Cabrera_Jarana.jpg\" \/>\n\t<meta property=\"og:image:width\" content=\"1920\" \/>\n\t<meta property=\"og:image:height\" content=\"1280\" \/>\n\t<meta property=\"og:image:type\" content=\"image\/jpeg\" \/>\n<meta name=\"twitter:card\" content=\"summary_large_image\" \/>\n<meta name=\"twitter:label1\" content=\"Est. reading time\" \/>\n\t<meta name=\"twitter:data1\" content=\"4 minutes\" \/>\n<script type=\"application\/ld+json\" class=\"yoast-schema-graph\">{\"@context\":\"https:\\\/\\\/schema.org\",\"@graph\":[{\"@type\":\"WebPage\",\"@id\":\"https:\\\/\\\/escenalanzarote.com\\\/en\\\/evento\\\/de-jarana\\\/\",\"url\":\"https:\\\/\\\/escenalanzarote.com\\\/en\\\/evento\\\/de-jarana\\\/\",\"name\":\"DE JARANA | Escena Lanzarote\",\"isPartOf\":{\"@id\":\"https:\\\/\\\/escenalanzarote.com\\\/en\\\/#website\"},\"primaryImageOfPage\":{\"@id\":\"https:\\\/\\\/escenalanzarote.com\\\/en\\\/evento\\\/de-jarana\\\/#primaryimage\"},\"image\":{\"@id\":\"https:\\\/\\\/escenalanzarote.com\\\/en\\\/evento\\\/de-jarana\\\/#primaryimage\"},\"thumbnailUrl\":\"https:\\\/\\\/escenalanzarote.com\\\/wp-content\\\/uploads\\\/2025\\\/11\\\/Benito_Cabrera_Jarana.jpg\",\"datePublished\":\"2025-12-11T09:03:40+00:00\",\"dateModified\":\"2026-01-26T12:55:30+00:00\",\"breadcrumb\":{\"@id\":\"https:\\\/\\\/escenalanzarote.com\\\/en\\\/evento\\\/de-jarana\\\/#breadcrumb\"},\"inLanguage\":\"en-US\",\"potentialAction\":[{\"@type\":\"ReadAction\",\"target\":[\"https:\\\/\\\/escenalanzarote.com\\\/en\\\/evento\\\/de-jarana\\\/\"]}]},{\"@type\":\"ImageObject\",\"inLanguage\":\"en-US\",\"@id\":\"https:\\\/\\\/escenalanzarote.com\\\/en\\\/evento\\\/de-jarana\\\/#primaryimage\",\"url\":\"https:\\\/\\\/escenalanzarote.com\\\/wp-content\\\/uploads\\\/2025\\\/11\\\/Benito_Cabrera_Jarana.jpg\",\"contentUrl\":\"https:\\\/\\\/escenalanzarote.com\\\/wp-content\\\/uploads\\\/2025\\\/11\\\/Benito_Cabrera_Jarana.jpg\",\"width\":1920,\"height\":1280},{\"@type\":\"BreadcrumbList\",\"@id\":\"https:\\\/\\\/escenalanzarote.com\\\/en\\\/evento\\\/de-jarana\\\/#breadcrumb\",\"itemListElement\":[{\"@type\":\"ListItem\",\"position\":1,\"name\":\"Portada\",\"item\":\"https:\\\/\\\/escenalanzarote.com\\\/en\\\/home\\\/\"},{\"@type\":\"ListItem\",\"position\":2,\"name\":\"Portfolio\",\"item\":\"https:\\\/\\\/escenalanzarote.com\\\/en\\\/evento\\\/\"},{\"@type\":\"ListItem\",\"position\":3,\"name\":\"DE JARANA\"}]},{\"@type\":\"WebSite\",\"@id\":\"https:\\\/\\\/escenalanzarote.com\\\/en\\\/#website\",\"url\":\"https:\\\/\\\/escenalanzarote.com\\\/en\\\/\",\"name\":\"Escena Lanzarote\",\"description\":\"Escena Lanzarote\",\"publisher\":{\"@id\":\"https:\\\/\\\/escenalanzarote.com\\\/en\\\/#organization\"},\"potentialAction\":[{\"@type\":\"SearchAction\",\"target\":{\"@type\":\"EntryPoint\",\"urlTemplate\":\"https:\\\/\\\/escenalanzarote.com\\\/en\\\/?s={search_term_string}\"},\"query-input\":{\"@type\":\"PropertyValueSpecification\",\"valueRequired\":true,\"valueName\":\"search_term_string\"}}],\"inLanguage\":\"en-US\"},{\"@type\":\"Organization\",\"@id\":\"https:\\\/\\\/escenalanzarote.com\\\/en\\\/#organization\",\"name\":\"Escena Lanzarote\",\"url\":\"https:\\\/\\\/escenalanzarote.com\\\/en\\\/\",\"logo\":{\"@type\":\"ImageObject\",\"inLanguage\":\"en-US\",\"@id\":\"https:\\\/\\\/escenalanzarote.com\\\/en\\\/#\\\/schema\\\/logo\\\/image\\\/\",\"url\":\"https:\\\/\\\/escenalanzarote.com\\\/wp-content\\\/uploads\\\/2022\\\/09\\\/Escena-Lanzarote.png\",\"contentUrl\":\"https:\\\/\\\/escenalanzarote.com\\\/wp-content\\\/uploads\\\/2022\\\/09\\\/Escena-Lanzarote.png\",\"width\":600,\"height\":600,\"caption\":\"Escena Lanzarote\"},\"image\":{\"@id\":\"https:\\\/\\\/escenalanzarote.com\\\/en\\\/#\\\/schema\\\/logo\\\/image\\\/\"}}]}<\/script>\n<!-- \/ Yoast SEO plugin. -->","yoast_head_json":{"title":"DE JARANA | Escena Lanzarote","robots":{"index":"index","follow":"follow","max-snippet":"max-snippet:-1","max-image-preview":"max-image-preview:large","max-video-preview":"max-video-preview:-1"},"canonical":"https:\/\/escenalanzarote.com\/en\/evento\/de-jarana\/","og_locale":"en_US","og_type":"article","og_title":"DE JARANA | Escena Lanzarote","og_description":"[vc_row css_animation=&#8221;&#8221; row_type=&#8221;row&#8221; use_row_as_full_screen_section=&#8221;no&#8221; type=&#8221;full_width&#8221; angled_section=&#8221;no&#8221; text_align=&#8221;left&#8221; background_image_as_pattern=&#8221;without_pattern&#8221;][vc_column width=&#8221;1\/12&#8243;][\/vc_column][vc_column width=&#8221;10\/12&#8243;][vc_row_inner row_type=&#8221;row&#8221; type=&#8221;full_width&#8221; text_align=&#8221;left&#8221; css_animation=&#8221;&#8221;][vc_column_inner width=&#8221;1\/4&#8243; css=&#8221;.vc_custom_1663156353704{border-right-width: 1px !important;padding-top: 30px !important;padding-bottom: 30px !important;border-right-color: #101820 !important;border-right-style: solid !important;}&#8221;][vc_column_text css=&#8221;&#8221;][\/vc_column_text][\/vc_column_inner][vc_column_inner width=&#8221;3\/4&#8243; css=&#8221;.vc_custom_1663156834708{padding-left: 50px !important;}&#8221;][vc_empty_space height=&#8221;200px&#8221; el_class=&#8221;espaciado-banner-movil&#8221;][vc_column_text css=&#8221;&#8221;] DE JARANA [\/vc_column_text][\/vc_column_inner][\/vc_row_inner][vc_empty_space height=&#8221;100px&#8221; el_class=&#8221;.space-mobile&#8221;][\/vc_column][vc_column width=&#8221;1\/12&#8243;][\/vc_column][\/vc_row][vc_row css_animation=&#8221;&#8221; row_type=&#8221;row&#8221; use_row_as_full_screen_section=&#8221;no&#8221; type=&#8221;full_width&#8221; angled_section=&#8221;no&#8221;...","og_url":"https:\/\/escenalanzarote.com\/en\/evento\/de-jarana\/","og_site_name":"Escena Lanzarote","article_modified_time":"2026-01-26T12:55:30+00:00","og_image":[{"width":1920,"height":1280,"url":"https:\/\/escenalanzarote.com\/wp-content\/uploads\/2025\/11\/Benito_Cabrera_Jarana.jpg","type":"image\/jpeg"}],"twitter_card":"summary_large_image","twitter_misc":{"Est. reading time":"4 minutes"},"schema":{"@context":"https:\/\/schema.org","@graph":[{"@type":"WebPage","@id":"https:\/\/escenalanzarote.com\/en\/evento\/de-jarana\/","url":"https:\/\/escenalanzarote.com\/en\/evento\/de-jarana\/","name":"DE JARANA | Escena Lanzarote","isPartOf":{"@id":"https:\/\/escenalanzarote.com\/en\/#website"},"primaryImageOfPage":{"@id":"https:\/\/escenalanzarote.com\/en\/evento\/de-jarana\/#primaryimage"},"image":{"@id":"https:\/\/escenalanzarote.com\/en\/evento\/de-jarana\/#primaryimage"},"thumbnailUrl":"https:\/\/escenalanzarote.com\/wp-content\/uploads\/2025\/11\/Benito_Cabrera_Jarana.jpg","datePublished":"2025-12-11T09:03:40+00:00","dateModified":"2026-01-26T12:55:30+00:00","breadcrumb":{"@id":"https:\/\/escenalanzarote.com\/en\/evento\/de-jarana\/#breadcrumb"},"inLanguage":"en-US","potentialAction":[{"@type":"ReadAction","target":["https:\/\/escenalanzarote.com\/en\/evento\/de-jarana\/"]}]},{"@type":"ImageObject","inLanguage":"en-US","@id":"https:\/\/escenalanzarote.com\/en\/evento\/de-jarana\/#primaryimage","url":"https:\/\/escenalanzarote.com\/wp-content\/uploads\/2025\/11\/Benito_Cabrera_Jarana.jpg","contentUrl":"https:\/\/escenalanzarote.com\/wp-content\/uploads\/2025\/11\/Benito_Cabrera_Jarana.jpg","width":1920,"height":1280},{"@type":"BreadcrumbList","@id":"https:\/\/escenalanzarote.com\/en\/evento\/de-jarana\/#breadcrumb","itemListElement":[{"@type":"ListItem","position":1,"name":"Portada","item":"https:\/\/escenalanzarote.com\/en\/home\/"},{"@type":"ListItem","position":2,"name":"Portfolio","item":"https:\/\/escenalanzarote.com\/en\/evento\/"},{"@type":"ListItem","position":3,"name":"DE JARANA"}]},{"@type":"WebSite","@id":"https:\/\/escenalanzarote.com\/en\/#website","url":"https:\/\/escenalanzarote.com\/en\/","name":"Escena Lanzarote","description":"Escena Lanzarote","publisher":{"@id":"https:\/\/escenalanzarote.com\/en\/#organization"},"potentialAction":[{"@type":"SearchAction","target":{"@type":"EntryPoint","urlTemplate":"https:\/\/escenalanzarote.com\/en\/?s={search_term_string}"},"query-input":{"@type":"PropertyValueSpecification","valueRequired":true,"valueName":"search_term_string"}}],"inLanguage":"en-US"},{"@type":"Organization","@id":"https:\/\/escenalanzarote.com\/en\/#organization","name":"Escena Lanzarote","url":"https:\/\/escenalanzarote.com\/en\/","logo":{"@type":"ImageObject","inLanguage":"en-US","@id":"https:\/\/escenalanzarote.com\/en\/#\/schema\/logo\/image\/","url":"https:\/\/escenalanzarote.com\/wp-content\/uploads\/2022\/09\/Escena-Lanzarote.png","contentUrl":"https:\/\/escenalanzarote.com\/wp-content\/uploads\/2022\/09\/Escena-Lanzarote.png","width":600,"height":600,"caption":"Escena Lanzarote"},"image":{"@id":"https:\/\/escenalanzarote.com\/en\/#\/schema\/logo\/image\/"}}]}},"_links":{"self":[{"href":"https:\/\/escenalanzarote.com\/en\/wp-json\/wp\/v2\/portfolio_page\/708","targetHints":{"allow":["GET"]}}],"collection":[{"href":"https:\/\/escenalanzarote.com\/en\/wp-json\/wp\/v2\/portfolio_page"}],"about":[{"href":"https:\/\/escenalanzarote.com\/en\/wp-json\/wp\/v2\/types\/portfolio_page"}],"author":[{"embeddable":true,"href":"https:\/\/escenalanzarote.com\/en\/wp-json\/wp\/v2\/users\/8"}],"replies":[{"embeddable":true,"href":"https:\/\/escenalanzarote.com\/en\/wp-json\/wp\/v2\/comments?post=708"}],"wp:featuredmedia":[{"embeddable":true,"href":"https:\/\/escenalanzarote.com\/en\/wp-json\/wp\/v2\/media\/709"}],"wp:attachment":[{"href":"https:\/\/escenalanzarote.com\/en\/wp-json\/wp\/v2\/media?parent=708"}],"wp:term":[{"taxonomy":"portfolio_category","embeddable":true,"href":"https:\/\/escenalanzarote.com\/en\/wp-json\/wp\/v2\/portfolio_category?post=708"},{"taxonomy":"portfolio_tag","embeddable":true,"href":"https:\/\/escenalanzarote.com\/en\/wp-json\/wp\/v2\/portfolio_tag?post=708"}],"curies":[{"name":"wp","href":"https:\/\/api.w.org\/{rel}","templated":true}]}}